{"id":2450,"date":"2023-11-08T14:31:18","date_gmt":"2023-11-08T13:31:18","guid":{"rendered":"http:\/\/sp-niemcz.edu.pl\/?page_id=2450"},"modified":"2026-08-24T18:26:28","modified_gmt":"2026-08-24T16:26:28","slug":"przedszkole","status":"publish","type":"page","link":"http:\/\/sp-niemcz.edu.pl\/index.php\/przedszkole\/","title":{"rendered":"PRZEDSZKOLE"},"content":{"rendered":"\t\t<div data-elementor-type=\"wp-page\" data-elementor-id=\"2450\" class=\"elementor elementor-2450\">\n\t\t\t\t\t\t<section class=\"elementor-section elementor-top-section elementor-element elementor-element-608e361 elementor-section-boxed elementor-section-height-default elementor-section-height-default\" data-id=\"608e361\" data-element_type=\"section\">\n\t\t\t\t\t\t<div class=\"elementor-container elementor-column-gap-default\">\n\t\t\t\t\t<div class=\"elementor-column elementor-col-100 elementor-top-column elementor-element elementor-element-cb5b18c\" data-id=\"cb5b18c\" data-element_type=\"column\">\n\t\t\t<div class=\"elementor-widget-wrap elementor-element-populated\">\n\t\t\t\t\t\t<div class=\"elementor-element elementor-element-ab40269 elementor-widget elementor-widget-text-editor\" data-id=\"ab40269\" data-element_type=\"widget\" data-widget_type=\"text-editor.default\">\n\t\t\t\t<div class=\"elementor-widget-container\">\n\t\t\t\t\t\t\t\t\t<h2>PRZEDSZKOLE<\/h2>\t\t\t\t\t\t\t\t<\/div>\n\t\t\t\t<\/div>\n\t\t\t\t\t<\/div>\n\t\t<\/div>\n\t\t\t\t\t<\/div>\n\t\t<\/section>\n\t\t\t\t<section class=\"elementor-section elementor-top-section elementor-element elementor-element-45b0ef8 elementor-section-boxed elementor-section-height-default elementor-section-height-default\" data-id=\"45b0ef8\" data-element_type=\"section\">\n\t\t\t\t\t\t<div class=\"elementor-container elementor-column-gap-default\">\n\t\t\t\t\t<div class=\"elementor-column elementor-col-100 elementor-top-column elementor-element elementor-element-021ca9d\" data-id=\"021ca9d\" data-element_type=\"column\">\n\t\t\t<div class=\"elementor-widget-wrap elementor-element-populated\">\n\t\t\t\t\t\t<div class=\"elementor-element elementor-element-baf7f12 elementor-widget elementor-widget-text-editor\" data-id=\"baf7f12\" data-element_type=\"widget\" data-widget_type=\"text-editor.default\">\n\t\t\t\t<div class=\"elementor-widget-container\">\n\t\t\t\t\t\t\t\t\t<h5><span class=\"html-span xexx8yu xyri2b x18d9i69 x1c1uobl x1hl2dhg x16tdsg8 x1vvkbs x3nfvp2 x1j61x8r x1fcty0u xdj266r xat24cr xm2jcoa x1mpyi22 xxymvpz xlup9mm x1kky2od\">UWAGA|!<\/span><\/h5><p><span class=\"html-span xexx8yu xyri2b x18d9i69 x1c1uobl x1hl2dhg x16tdsg8 x1vvkbs x3nfvp2 x1j61x8r x1fcty0u xdj266r xat24cr xm2jcoa x1mpyi22 xxymvpz xlup9mm x1kky2od\"><img decoding=\"async\" class=\"xz74otr x15mokao x1ga7v0g x16uus16 xbiv7yw\" src=\"https:\/\/static.xx.fbcdn.net\/images\/emoji.php\/v9\/td8\/2\/16\/1f4e2.png\" alt=\"\ud83d\udce2\" width=\"16\" height=\"16\" \/><\/span> ORGANIZACYJNE ZEBRANIE Z RODZICAMI<\/p><p>\u00a0 <span class=\"html-span xexx8yu xyri2b x18d9i69 x1c1uobl x1hl2dhg x16tdsg8 x1vvkbs x3nfvp2 x1j61x8r x1fcty0u xdj266r xat24cr xm2jcoa x1mpyi22 xxymvpz xlup9mm x1kky2od\"><img decoding=\"async\" class=\"xz74otr x15mokao x1ga7v0g x16uus16 xbiv7yw\" src=\"https:\/\/static.xx.fbcdn.net\/images\/emoji.php\/v9\/t1d\/2\/16\/1f4c5.png\" alt=\"\ud83d\udcc5\" width=\"16\" height=\"16\" \/><\/span> 2 wrze\u015bnia 2026 r. (\u015broda)<\/p><p>\u00a0<\/p><p>\u00a0 <span class=\"html-span xexx8yu xyri2b x18d9i69 x1c1uobl x1hl2dhg x16tdsg8 x1vvkbs x3nfvp2 x1j61x8r x1fcty0u xdj266r xat24cr xm2jcoa x1mpyi22 xxymvpz xlup9mm x1kky2od\"><img decoding=\"async\" class=\"xz74otr x15mokao x1ga7v0g x16uus16 xbiv7yw\" src=\"https:\/\/static.xx.fbcdn.net\/images\/emoji.php\/v9\/t7d\/2\/16\/1f55f.png\" alt=\"\ud83d\udd5f\" width=\"16\" height=\"16\" \/><\/span> godz. 16:30 <span class=\"html-span xexx8yu xyri2b x18d9i69 x1c1uobl x1hl2dhg x16tdsg8 x1vvkbs x3nfvp2 x1j61x8r x1fcty0u xdj266r xat24cr xm2jcoa x1mpyi22 xxymvpz xlup9mm x1kky2od\"><img loading=\"lazy\" decoding=\"async\" class=\"xz74otr x15mokao x1ga7v0g x16uus16 xbiv7yw\" src=\"https:\/\/static.xx.fbcdn.net\/images\/emoji.php\/v9\/tbe\/2\/16\/1f41d.png\" alt=\"\ud83d\udc1d\" width=\"16\" height=\"16\" \/><\/span> grupa Pszcz\u00f3\u0142ki <span class=\"html-span xexx8yu xyri2b x18d9i69 x1c1uobl x1hl2dhg x16tdsg8 x1vvkbs x3nfvp2 x1j61x8r x1fcty0u xdj266r xat24cr xm2jcoa x1mpyi22 xxymvpz xlup9mm x1kky2od\"><img loading=\"lazy\" decoding=\"async\" class=\"xz74otr x15mokao x1ga7v0g x16uus16 xbiv7yw\" src=\"https:\/\/static.xx.fbcdn.net\/images\/emoji.php\/v9\/tcc\/2\/16\/1f4cd.png\" alt=\"\ud83d\udccd\" width=\"16\" height=\"16\" \/><\/span> ul. Pod Wierzbami<\/p><p>\u00a0 <span class=\"html-span xexx8yu xyri2b x18d9i69 x1c1uobl x1hl2dhg x16tdsg8 x1vvkbs x3nfvp2 x1j61x8r x1fcty0u xdj266r xat24cr xm2jcoa x1mpyi22 xxymvpz xlup9mm x1kky2od\"><img loading=\"lazy\" decoding=\"async\" class=\"xz74otr x15mokao x1ga7v0g x16uus16 xbiv7yw\" src=\"https:\/\/static.xx.fbcdn.net\/images\/emoji.php\/v9\/t4b\/2\/16\/1f554.png\" alt=\"\ud83d\udd54\" width=\"16\" height=\"16\" \/><\/span> godz. 17:00 <span class=\"html-span xexx8yu xyri2b x18d9i69 x1c1uobl x1hl2dhg x16tdsg8 x1vvkbs x3nfvp2 x1j61x8r x1fcty0u xdj266r xat24cr xm2jcoa x1mpyi22 xxymvpz xlup9mm x1kky2od\"><img loading=\"lazy\" decoding=\"async\" class=\"xz74otr x15mokao x1ga7v0g x16uus16 xbiv7yw\" src=\"https:\/\/static.xx.fbcdn.net\/images\/emoji.php\/v9\/t3f\/2\/16\/1f41e.png\" alt=\"\ud83d\udc1e\" width=\"16\" height=\"16\" \/><\/span> grupy: \u017buczki, Motylki, Biedronki i Mr\u00f3weczki.<\/p><p>\u00a0<\/p><p>Godziny pracy przedszkola w roku szkolnym 2026\/27<\/p><h5><strong>6:00 &#8211; 17:00<\/strong><\/h5><h6>\u00a0<\/h6><h6>\u00a0<\/h6><h6>\u00a0<\/h6><h6>LOKALIZACJA grup<\/h6><p><img decoding=\"async\" class=\"emoji\" role=\"img\" draggable=\"false\" src=\"https:\/\/s.w.org\/images\/core\/emoji\/17.0.2\/svg\/1fab2.svg\" alt=\"\ud83e\udeb2\" \/><img decoding=\"async\" class=\"emoji\" role=\"img\" draggable=\"false\" src=\"https:\/\/s.w.org\/images\/core\/emoji\/17.0.2\/svg\/1f41c.svg\" alt=\"\ud83d\udc1c\" \/> Grupa \u017buczki, Mr\u00f3wki -&gt; ul. Sienkiewicza 4 (budynek wsp\u00f3\u0142dzielony ze \u015awietlic\u0105 Wiejsk\u0105 w Niemczu- dotychczasowa lokalizacja oddzia\u0142\u00f3w przedszkolnych.<\/p><p><img decoding=\"async\" class=\"emoji\" role=\"img\" draggable=\"false\" src=\"https:\/\/s.w.org\/images\/core\/emoji\/17.0.2\/svg\/1f98b.svg\" alt=\"\ud83e\udd8b\" \/><img decoding=\"async\" class=\"emoji\" role=\"img\" draggable=\"false\" src=\"https:\/\/s.w.org\/images\/core\/emoji\/17.0.2\/svg\/1f41e.svg\" alt=\"\ud83d\udc1e\" \/>\u00a0Grupy Motylki, Biedronki -&gt;budynek modu\u0142owy na terenie SP Niemcz, ul. Bydgoska 35 -wej\u015bcie przy starym budynku szko\u0142y<\/p><p><span style=\"font-style: inherit;\"><img decoding=\"async\" class=\"emoji\" role=\"img\" draggable=\"false\" src=\"https:\/\/s.w.org\/images\/core\/emoji\/17.0.2\/svg\/1f41d.svg\" alt=\"\ud83d\udc1d\" \/> Grupa Pszcz\u00f3\u0142ki -&gt;w dotychczasowej lokalizacji tej grupy wiekowej, ul. Pod Wierzbami (w budynku tym znajduje si\u0119 r\u00f3wnie\u017c poczta)<\/span><\/p><p>Listy przydzia\u0142u do grup przedszkolnych zostan\u0105 wywieszone po zako\u0144czeniu trwaj\u0105cej w\u0142a\u015bnie rekrutacji uzupe\u0142niaj\u0105cej w dniu 26 sierpnia<\/p>\t\t\t\t\t\t\t\t<\/div>\n\t\t\t\t<\/div>\n\t\t\t\t\t<\/div>\n\t\t<\/div>\n\t\t\t\t\t<\/div>\n\t\t<\/section>\n\t\t\t\t<section class=\"elementor-section elementor-top-section elementor-element elementor-element-3feb637 elementor-section-boxed elementor-section-height-default elementor-section-height-default\" data-id=\"3feb637\" data-element_type=\"section\">\n\t\t\t\t\t\t<div class=\"elementor-container elementor-column-gap-default\">\n\t\t\t\t\t<div class=\"elementor-column elementor-col-100 elementor-top-column elementor-element elementor-element-8584fc2\" data-id=\"8584fc2\" data-element_type=\"column\">\n\t\t\t<div class=\"elementor-widget-wrap elementor-element-populated\">\n\t\t\t\t\t\t<div class=\"elementor-element elementor-element-e45ec9f elementor-widget elementor-widget-image\" data-id=\"e45ec9f\" data-element_type=\"widget\" data-widget_type=\"image.default\">\n\t\t\t\t<div class=\"elementor-widget-container\">\n\t\t\t\t\t\t\t\t\t\t\t\t\t\t\t<img loading=\"lazy\" decoding=\"async\" width=\"683\" height=\"1024\" src=\"http:\/\/sp-niemcz.edu.pl\/wp-content\/uploads\/2026\/08\/wyprawka-2-683x1024.png\" class=\"attachment-large size-large wp-image-4987\" alt=\"\" srcset=\"http:\/\/sp-niemcz.edu.pl\/wp-content\/uploads\/2026\/08\/wyprawka-2-683x1024.png 683w, http:\/\/sp-niemcz.edu.pl\/wp-content\/uploads\/2026\/08\/wyprawka-2-200x300.png 200w, http:\/\/sp-niemcz.edu.pl\/wp-content\/uploads\/2026\/08\/wyprawka-2-768x1152.png 768w, http:\/\/sp-niemcz.edu.pl\/wp-content\/uploads\/2026\/08\/wyprawka-2.png 1024w\" sizes=\"(max-width: 683px) 100vw, 683px\" \/>\t\t\t\t\t\t\t\t\t\t\t\t\t\t\t<\/div>\n\t\t\t\t<\/div>\n\t\t\t\t\t<\/div>\n\t\t<\/div>\n\t\t\t\t\t<\/div>\n\t\t<\/section>\n\t\t\t\t<section class=\"elementor-section elementor-top-section elementor-element elementor-element-81febef elementor-section-boxed elementor-section-height-default elementor-section-height-default\" data-id=\"81febef\" data-element_type=\"section\">\n\t\t\t\t\t\t<div class=\"elementor-container elementor-column-gap-default\">\n\t\t\t\t\t<div class=\"elementor-column elementor-col-100 elementor-top-column elementor-element elementor-element-d933882\" data-id=\"d933882\" data-element_type=\"column\">\n\t\t\t<div class=\"elementor-widget-wrap\">\n\t\t\t\t\t\t\t<\/div>\n\t\t<\/div>\n\t\t\t\t\t<\/div>\n\t\t<\/section>\n\t\t\t\t<section class=\"elementor-section elementor-top-section elementor-element elementor-element-ed27cb7 elementor-section-boxed elementor-section-height-default elementor-section-height-default\" data-id=\"ed27cb7\" data-element_type=\"section\">\n\t\t\t\t\t\t<div class=\"elementor-container elementor-column-gap-default\">\n\t\t\t\t\t<div class=\"elementor-column elementor-col-100 elementor-top-column elementor-element elementor-element-e2cf67e\" data-id=\"e2cf67e\" data-element_type=\"column\">\n\t\t\t<div class=\"elementor-widget-wrap elementor-element-populated\">\n\t\t\t\t\t\t<div class=\"elementor-element elementor-element-db1b115 elementor-widget elementor-widget-image\" data-id=\"db1b115\" data-element_type=\"widget\" data-widget_type=\"image.default\">\n\t\t\t\t<div class=\"elementor-widget-container\">\n\t\t\t\t\t\t\t\t\t\t\t\t\t\t\t<img loading=\"lazy\" decoding=\"async\" width=\"724\" height=\"1024\" src=\"http:\/\/sp-niemcz.edu.pl\/wp-content\/uploads\/2026\/08\/Pakiety-724x1024.png\" class=\"attachment-large size-large wp-image-4986\" alt=\"\" srcset=\"http:\/\/sp-niemcz.edu.pl\/wp-content\/uploads\/2026\/08\/Pakiety-724x1024.png 724w, http:\/\/sp-niemcz.edu.pl\/wp-content\/uploads\/2026\/08\/Pakiety-212x300.png 212w, http:\/\/sp-niemcz.edu.pl\/wp-content\/uploads\/2026\/08\/Pakiety-768x1086.png 768w, http:\/\/sp-niemcz.edu.pl\/wp-content\/uploads\/2026\/08\/Pakiety-1086x1536.png 1086w, http:\/\/sp-niemcz.edu.pl\/wp-content\/uploads\/2026\/08\/Pakiety.png 1414w\" sizes=\"(max-width: 724px) 100vw, 724px\" \/>\t\t\t\t\t\t\t\t\t\t\t\t\t\t\t<\/div>\n\t\t\t\t<\/div>\n\t\t\t\t\t<\/div>\n\t\t<\/div>\n\t\t\t\t\t<\/div>\n\t\t<\/section>\n\t\t\t\t<\/div>\n\t\t","protected":false},"excerpt":{"rendered":"<p>PRZEDSZKOLE UWAGA|! ORGANIZACYJNE ZEBRANIE Z RODZICAMI \u00a0 2 wrze\u015bnia 2026 r. (\u015broda) \u00a0 \u00a0 godz. 16:30 grupa Pszcz\u00f3\u0142ki ul. Pod Wierzbami \u00a0 godz. 17:00 grupy: \u017buczki, Motylki, Biedronki i Mr\u00f3weczki. \u00a0 Godziny pracy przedszkola w roku szkolnym 2026\/27 6:00 &#8211; 17:00 \u00a0 \u00a0 \u00a0 LOKALIZACJA grup Grupa \u017buczki, Mr\u00f3wki -&gt; ul. Sienkiewicza 4 (budynek wsp\u00f3\u0142dzielony [&hellip;]<\/p>\n","protected":false},"author":1,"featured_media":0,"parent":0,"menu_order":0,"comment_status":"closed","ping_status":"closed","template":"elementor_header_footer","meta":{"site-sidebar-layout":"no-sidebar","site-content-layout":"page-builder","ast-site-content-layout":"","site-content-style":"default","site-sidebar-style":"default","ast-global-header-display":"","ast-banner-title-visibility":"","ast-main-header-display":"","ast-hfb-above-header-display":"","ast-hfb-below-header-display":"","ast-hfb-mobile-header-display":"","site-post-title":"disabled","ast-breadcrumbs-content":"","ast-featured-img":"disabled","footer-sml-layout":"","theme-transparent-header-meta":"","adv-header-id-meta":"","stick-header-meta":"","header-above-stick-meta":"","header-main-stick-meta":"","header-below-stick-meta":"","astra-migrate-meta-layouts":"default","ast-page-background-enabled":"default","ast-page-background-meta":{"desktop":{"background-color":"var(--ast-global-color-4)","background-image":"","background-repeat":"repeat","background-position":"center center","background-size":"auto","background-attachment":"scroll","background-type":"","background-media":"","overlay-type":"","overlay-color":"","overlay-opacity":"","overlay-gradient":""},"tablet":{"background-color":"","background-image":"","background-repeat":"repeat","background-position":"center center","background-size":"auto","background-attachment":"scroll","background-type":"","background-media":"","overlay-type":"","overlay-color":"","overlay-opacity":"","overlay-gradient":""},"mobile":{"background-color":"","background-image":"","background-repeat":"repeat","background-position":"center center","background-size":"auto","background-attachment":"scroll","background-type":"","background-media":"","overlay-type":"","overlay-color":"","overlay-opacity":"","overlay-gradient":""}},"ast-content-background-meta":{"desktop":{"background-color":"var(--ast-global-color-5)","background-image":"","background-repeat":"repeat","background-position":"center center","background-size":"auto","background-attachment":"scroll","background-type":"","background-media":"","overlay-type":"","overlay-color":"","overlay-opacity":"","overlay-gradient":""},"tablet":{"background-color":"var(--ast-global-color-5)","background-image":"","background-repeat":"repeat","background-position":"center center","background-size":"auto","background-attachment":"scroll","background-type":"","background-media":"","overlay-type":"","overlay-color":"","overlay-opacity":"","overlay-gradient":""},"mobile":{"background-color":"var(--ast-global-color-5)","background-image":"","background-repeat":"repeat","background-position":"center center","background-size":"auto","background-attachment":"scroll","background-type":"","background-media":"","overlay-type":"","overlay-color":"","overlay-opacity":"","overlay-gradient":""}},"footnotes":""},"class_list":["post-2450","page","type-page","status-publish","hentry"],"_links":{"self":[{"href":"http:\/\/sp-niemcz.edu.pl\/index.php\/wp-json\/wp\/v2\/pages\/2450","targetHints":{"allow":["GET"]}}],"collection":[{"href":"http:\/\/sp-niemcz.edu.pl\/index.php\/wp-json\/wp\/v2\/pages"}],"about":[{"href":"http:\/\/sp-niemcz.edu.pl\/index.php\/wp-json\/wp\/v2\/types\/page"}],"author":[{"embeddable":true,"href":"http:\/\/sp-niemcz.edu.pl\/index.php\/wp-json\/wp\/v2\/users\/1"}],"replies":[{"embeddable":true,"href":"http:\/\/sp-niemcz.edu.pl\/index.php\/wp-json\/wp\/v2\/comments?post=2450"}],"version-history":[{"count":22,"href":"http:\/\/sp-niemcz.edu.pl\/index.php\/wp-json\/wp\/v2\/pages\/2450\/revisions"}],"predecessor-version":[{"id":5034,"href":"http:\/\/sp-niemcz.edu.pl\/index.php\/wp-json\/wp\/v2\/pages\/2450\/revisions\/5034"}],"wp:attachment":[{"href":"http:\/\/sp-niemcz.edu.pl\/index.php\/wp-json\/wp\/v2\/media?parent=2450"}],"curies":[{"name":"wp","href":"https:\/\/api.w.org\/{rel}","templated":true}]}}